

{"id":2170,"date":"2018-04-26T11:46:41","date_gmt":"2018-04-26T09:46:41","guid":{"rendered":"https:\/\/lirima.inria.fr\/?page_id=2170"},"modified":"2019-02-12T14:36:43","modified_gmt":"2019-02-12T13:36:43","slug":"evaluation-seminar-2018-paris","status":"publish","type":"page","link":"https:\/\/lirima.inria.fr\/en\/evaluation-seminar-2018-paris\/","title":{"rendered":"Evaluation Seminar 2018"},"content":{"rendered":"<p><a href=\"https:\/\/lirima.inria.fr\/files\/2016\/01\/Lirima-logo-1.jpg\"><br \/>\n<\/a><span style=\"font-family: georgia, palatino, serif;\">The next evalu<a href=\"https:\/\/lirima.inria.fr\/files\/2018\/05\/Espace-Clery.jpg\"><img loading=\"lazy\" decoding=\"async\" class=\"wp-image-2208 alignleft\" src=\"https:\/\/lirima.inria.fr\/files\/2018\/05\/Espace-Clery-300x199.jpg\" alt=\"\" width=\"296\" height=\"196\" srcset=\"https:\/\/lirima.inria.fr\/files\/2018\/05\/Espace-Clery-300x199.jpg 300w, https:\/\/lirima.inria.fr\/files\/2018\/05\/Espace-Clery-768x511.jpg 768w, https:\/\/lirima.inria.fr\/files\/2018\/05\/Espace-Clery-1024x681.jpg 1024w, https:\/\/lirima.inria.fr\/files\/2018\/05\/Espace-Clery-600x399.jpg 600w, https:\/\/lirima.inria.fr\/files\/2018\/05\/Espace-Clery-150x100.jpg 150w, https:\/\/lirima.inria.fr\/files\/2018\/05\/Espace-Clery-226x150.jpg 226w\" sizes=\"auto, (max-width: 296px) 100vw, 296px\" \/><\/a>ation seminar will be held in Paris on September 18 and 19, 2018.<\/span><\/p>\n<ul>\n<li><span style=\"color: #000000;\"><strong>Registration<\/strong>: the registration is free but please send an email to <a href=\"mailto:laura.norcy@inria.fr\">Laura Norcy<\/a> to confirm you participation<\/span><\/li>\n<li><span style=\"color: #000000;\"><strong>Venue<\/strong>:\u00a0Espace Cl\u00e9ry &#8211; 17 rue de Cl\u00e9ry, 75002 Paris<\/span><\/li>\n<li><span style=\"color: #000000;\"><strong>Access information<\/strong>: upload the access plan\u00a0<a href=\"https:\/\/lirima.inria.fr\/files\/2018\/07\/plan_acces_CLERY.pdf\">here<\/a><\/span><\/li>\n<li><span style=\"color: #000000;\"><strong>Accommmodation: <\/strong>you will find a list of hotels <a href=\"https:\/\/lirima.inria.fr\/files\/2018\/07\/List-hotels-SemEval-LIRIMA2018.docx\">here<\/a><\/span><\/li>\n<li><span style=\"color: #000000;\"><strong>Program: <\/strong>see the preliminary program\u00a0below. You can also upload the printable version <a href=\"https:\/\/lirima.inria.fr\/files\/2018\/05\/programme_semeval_LIRIMA2_V1.0.pdf\">here<\/a><\/span><\/li>\n<\/ul>\n<p>&nbsp;<\/p>\n<p>&nbsp;<\/p>\n<p>All the<strong> presentations<\/strong>\u00a0can be uploaded\u00a0<a href=\"https:\/\/lirima.inria.fr\/files\/2019\/02\/Prez-SemEval-LIRIMA-sept2018.zip\">here<\/a><\/p>\n<table style=\"border-color: #000000; background-color: #f7f5f5; width: 1136px; height: 721px;\">\n<tbody>\n<tr style=\"border-color: #000000;\">\n<td style=\"border-color: #000000; background-color: #cfcccc; text-align: center; width: 1086.015625px; height: 24px;\" colspan=\"2\"><strong>Tuesday September 18th<\/strong><\/td>\n<\/tr>\n<tr style=\"border-color: #000000;\">\n<td style=\"border-color: #000000; width: 211.984375px; height: 24px;\">9:00-9:30<\/td>\n<td style=\"border-color: #000000; width: 826.03125px; height: 24px;\"><strong>Welcome<\/strong><\/td>\n<\/tr>\n<tr style=\"border-color: #000000;\">\n<td style=\"border-color: #000000; width: 211.984375px; height: 24px;\">9:30-10:00<\/td>\n<td style=\"border-color: #000000; width: 826.03125px; height: 24px;\"><strong>Opening<\/strong> &#8211; <em>Moussa Lo &amp; Eric Badouel, H\u00e9l\u00e8ne Kirchner, Maurice Tchuent\u00e9\u00a0<\/em><\/td>\n<\/tr>\n<tr style=\"border-color: #000000;\">\n<td style=\"border-color: #000000; width: 211.984375px; height: 24px;\">10:00-12:30<\/td>\n<td style=\"border-color: #000000; width: 826.03125px; height: 24px;\"><strong>Scientific presentations<\/strong><\/td>\n<\/tr>\n<tr style=\"height: 24px;\">\n<td style=\"border-color: #000000; width: 211.984375px; height: 24px;\">10:00-10:30<\/td>\n<td style=\"border-color: #000000; width: 826.03125px; height: 24px;\">AGRINET &#8211; <em>Nathalie Mitton<\/em><\/td>\n<\/tr>\n<tr style=\"height: 24px;\">\n<td style=\"border-color: #000000; width: 211.984375px; height: 24px;\">10:30-11:00<\/td>\n<td style=\"border-color: #000000; width: 826.03125px; height: 24px;\">EPICARD &#8211; <em>Mourad Bellassoued &amp;<\/em>\u00a0<em>Nejib Zemzemmi<\/em><\/td>\n<\/tr>\n<tr style=\"border-color: #000000;\">\n<td style=\"border-color: #000000; width: 211.984375px; height: 24px;\">11:00-11:30<\/td>\n<td style=\"border-color: #000000; width: 826.03125px; height: 24px;\"><em>Coffee break<\/em><\/td>\n<\/tr>\n<tr style=\"height: 24px;\">\n<td style=\"border-color: #000000; width: 211.984375px; height: 24px;\">11:30-12:00<\/td>\n<td style=\"border-color: #000000; width: 826.03125px; height: 24px;\">EPITAG &#8211; <em>Samuel Bowong &amp; Suzanne Touzeau<\/em><\/td>\n<\/tr>\n<tr style=\"height: 24px;\">\n<td style=\"border-color: #000000; width: 211.984375px; height: 24px;\">12:00-12:30<\/td>\n<td style=\"border-color: #000000; width: 826.03125px; height: 24px;\">FAST &#8211; Abdoul Aziz Ciss<em>\u00a0&amp; Damien Robert<\/em><\/td>\n<\/tr>\n<tr style=\"border-color: #000000;\">\n<td style=\"border-color: #000000; width: 211.984375px; height: 24px;\">12:30-14:00<\/td>\n<td style=\"border-color: #000000; width: 826.03125px; height: 24px;\"><em>Lunch\u00a0: <\/em><strong>SILK and SPICE &#8211; 6, rue Mandar<\/strong><\/td>\n<\/tr>\n<tr style=\"height: 24px;\">\n<td style=\"border-color: #000000; width: 211.984375px; height: 24px;\">14:00-14:30<\/td>\n<td style=\"border-color: #000000; width: 826.03125px; height: 24px;\">IoT4D &#8211; <em>Emmanuel Nataf<\/em><\/td>\n<\/tr>\n<tr style=\"height: 24px;\">\n<td style=\"border-color: #000000; width: 211.984375px; height: 24px;\">14:30-15:00<\/td>\n<td style=\"border-color: #000000; width: 826.03125px; height: 24px;\">MOHA &#8211; <em>El-Ghazali Talbi<\/em><\/td>\n<\/tr>\n<tr style=\"border-color: #000000;\">\n<td style=\"border-color: #000000; width: 211.984375px; height: 24px;\">15:00-15:15<\/td>\n<td style=\"border-color: #000000; width: 826.03125px; height: 24px;\"><em>Break<\/em><\/td>\n<\/tr>\n<tr style=\"height: 24px;\">\n<td style=\"border-color: #000000; width: 211.984375px; height: 24px;\">15:15-15:45<\/td>\n<td style=\"border-color: #000000; width: 826.03125px; height: 24px;\">MOREWAIS &#8211; <em>Moussa Lo &amp; Mahamadou Tour\u00e9<\/em><\/td>\n<\/tr>\n<tr style=\"height: 24px;\">\n<td style=\"border-color: #000000; width: 211.984375px; height: 24px;\">15:45-16:15<\/td>\n<td style=\"border-color: #000000; width: 826.03125px; height: 24px;\">SIMERG2E &#8211; S<em>t\u00e9phane Girard<\/em><\/td>\n<\/tr>\n<tr style=\"border-color: #000000;\">\n<td style=\"border-color: #000000; width: 211.984375px; height: 24px;\">16:15-16:45<\/td>\n<td style=\"border-color: #000000; width: 826.03125px; height: 24px;\"><em>Coffee break<\/em><\/td>\n<\/tr>\n<tr style=\"height: 24px;\">\n<td style=\"border-color: #000000; width: 211.984375px; height: 24px;\">16:45-17:15<\/td>\n<td style=\"border-color: #000000; width: 826.03125px; height: 24px;\"><strong>Joint meeting between the Scientific Council and the Steering Committee<\/strong><\/td>\n<\/tr>\n<tr style=\"height: 24px;\">\n<td style=\"border-color: #000000; width: 211.984375px; height: 24px;\">17:15-18:00<\/td>\n<td style=\"border-color: #000000; width: 826.03125px; height: 24px;\"><strong>Meeting of the Scientific Council<\/strong> (about the next day organization)<\/td>\n<\/tr>\n<tr style=\"border-color: #000000;\">\n<td style=\"border-color: #000000; width: 211.984375px; height: 24px;\">19:30<\/td>\n<td style=\"border-color: #000000; width: 826.03125px; height: 24px;\"><strong>Joint dinner <\/strong>: MADELEINE BASTILLE &#8211; 39 bld de Bonne Nouvelle<\/td>\n<\/tr>\n<tr style=\"border-color: #000000; background-color: #cfcccc;\">\n<td style=\"border-color: #000000; text-align: center; width: 1086.015625px; height: 24px;\" colspan=\"2\"><strong>Wednesday September 19th<\/strong><\/td>\n<\/tr>\n<tr style=\"border-color: #000000;\">\n<td style=\"border-color: #000000; width: 211.984375px; height: 25px;\">8:00-16:00<\/td>\n<td style=\"border-color: #000000; text-align: left; width: 826.03125px; height: 25px;\"><strong>Parallel s<\/strong><b>essions<\/b><\/td>\n<\/tr>\n<tr style=\"height: 24px;\">\n<td style=\"border-color: #000000; width: 211.984375px; height: 24px;\">8:00-9:30<\/td>\n<td style=\"border-color: #000000; width: 826.03125px; height: 24px;\">S1 : EPITAG &#8211; Experts : Diaraf Seck \/ Fabien Campillo<\/p>\n<p>S2 : AGRINET &#8211; Experts : Ludovic M\u00e9 \/ Adam Ouorou \/ Eric Monchalin \/ \u00a0Maurice Tchuente<\/td>\n<\/tr>\n<tr style=\"border-color: #000000;\">\n<td style=\"border-color: #000000; width: 211.984375px; height: 24px;\">9:30-10:00<\/td>\n<td style=\"border-color: #000000; width: 826.03125px; height: 24px;\"><i>Coffee break<\/i><\/td>\n<\/tr>\n<tr style=\"height: 24px;\">\n<td style=\"border-color: #000000; width: 211.984375px; height: 24px;\">10:00-11:30<\/td>\n<td style=\"border-color: #000000; width: 826.03125px; height: 24px;\">S1 : SIMERG2E &#8211; Experts : Jean-Daniel Z\u00fccker \/ Fabien Campillo<\/p>\n<p>S2 : MOREWAIS &#8211; Experts : Mathieu Roche \/ Marie-Christine Rousset \/ Eric Monchalin<\/td>\n<\/tr>\n<tr style=\"height: 24px;\">\n<td style=\"border-color: #000000; width: 211.984375px; height: 24px;\">11:30-13:00<\/td>\n<td style=\"border-color: #000000; width: 826.03125px; height: 24px;\">S1 : EPICARD &#8211;\u00a0Experts : Diaraf Seck \/ Didier Auroux<\/p>\n<p>S2 : FAST &#8211; Experts : Ludovic M\u00e9 \/ Adam Ouorou \/ Eric Monchalin \/ \u00a0Maurice Tchuente<\/td>\n<\/tr>\n<tr style=\"height: 24px;\">\n<td style=\"border-color: #000000; width: 211.984375px; height: 24px;\">13:00-14:30<\/td>\n<td style=\"border-color: #000000; width: 826.03125px; height: 24px;\"><em>Lunch : <\/em><strong>BIANCO &#8211; 60, rue Montorgueil\u00a0<\/strong><\/td>\n<\/tr>\n<tr style=\"height: 24px;\">\n<td style=\"border-color: #000000; width: 211.984375px; height: 24px;\">14:30-16:00<\/td>\n<td style=\"border-color: #000000; width: 826.03125px; height: 24px;\">S1 : MOHA : Experts : Adam Ouorou \/ Fran\u00e7oise Lamnabhi-Lagarrigue<\/p>\n<p>S2 : IoT4D &#8211; Experts : Ludovic M\u00e9 \/ Adam Ouorou \/ Eric Monchalin \/ \u00a0Maurice Tchuente<\/td>\n<\/tr>\n<tr style=\"height: 24px;\">\n<td style=\"border-color: #000000; width: 211.984375px; height: 24px;\">16:00-16:30<\/td>\n<td style=\"border-color: #000000; width: 826.03125px; height: 24px;\"><em>Coffee break<\/em><\/td>\n<\/tr>\n<tr style=\"height: 24px;\">\n<td style=\"border-color: #000000; width: 211.984375px; height: 24px;\">16:30-18:00<\/td>\n<td style=\"border-color: #000000; width: 826.03125px; height: 24px;\"><strong>Meeting between the members of the Scientific Council<\/strong><\/td>\n<\/tr>\n<tr style=\"border-color: #000000;\">\n<td style=\"border-color: #000000; width: 211.984375px; height: 24px;\">18:00<\/td>\n<td style=\"border-color: #000000; width: 826.03125px; height: 24px;\"><strong>End of the seminar<\/strong><\/td>\n<\/tr>\n<\/tbody>\n<\/table>\n","protected":false},"excerpt":{"rendered":"<p>The next evaluation seminar will be held in Paris on September 18 and 19, 2018. Registration: the registration is free but please send an email to Laura Norcy to confirm you participation Venue:\u00a0Espace Cl\u00e9ry &#8211; 17 rue de Cl\u00e9ry, 75002\u2026<\/p>\n<p> <a class=\"continue-reading-link\" href=\"https:\/\/lirima.inria.fr\/en\/evaluation-seminar-2018-paris\/\"><span>Continue reading<\/span><i class=\"crycon-right-dir\"><\/i><\/a> <\/p>\n","protected":false},"author":309,"featured_media":0,"parent":0,"menu_order":0,"comment_status":"closed","ping_status":"closed","template":"","meta":{"footnotes":"","_members_access_role":[],"_members_access_error":""},"class_list":["post-2170","page","type-page","status-publish","hentry"],"_links":{"self":[{"href":"https:\/\/lirima.inria.fr\/en\/wp-json\/wp\/v2\/pages\/2170","targetHints":{"allow":["GET"]}}],"collection":[{"href":"https:\/\/lirima.inria.fr\/en\/wp-json\/wp\/v2\/pages"}],"about":[{"href":"https:\/\/lirima.inria.fr\/en\/wp-json\/wp\/v2\/types\/page"}],"author":[{"embeddable":true,"href":"https:\/\/lirima.inria.fr\/en\/wp-json\/wp\/v2\/users\/309"}],"replies":[{"embeddable":true,"href":"https:\/\/lirima.inria.fr\/en\/wp-json\/wp\/v2\/comments?post=2170"}],"version-history":[{"count":28,"href":"https:\/\/lirima.inria.fr\/en\/wp-json\/wp\/v2\/pages\/2170\/revisions"}],"predecessor-version":[{"id":2273,"href":"https:\/\/lirima.inria.fr\/en\/wp-json\/wp\/v2\/pages\/2170\/revisions\/2273"}],"wp:attachment":[{"href":"https:\/\/lirima.inria.fr\/en\/wp-json\/wp\/v2\/media?parent=2170"}],"curies":[{"name":"wp","href":"https:\/\/api.w.org\/{rel}","templated":true}]}}